{"id":3,"date":"2026-05-15T14:00:47","date_gmt":"2026-05-15T14:00:47","guid":{"rendered":"http:\/\/wke.fhr.mybluehost.me\/?page_id=3"},"modified":"2026-08-13T12:08:50","modified_gmt":"2026-08-13T12:08:50","slug":"privacy-policy","status":"publish","type":"page","link":"https:\/\/noemi-virtual.com\/en\/privacy-policy\/","title":{"rendered":"Adatkezel\u00e9si t\u00e1j\u00e9koztat\u00f3"},"content":{"rendered":"<p class=\"wp-block-paragraph\">Hat\u00e1lyos: 2026. augusztus 13-t\u00f3l<\/p>\n\n\n\n<h2 class=\"wp-block-heading\">1. Az adatkezel\u0151 adatai<\/h2>\n\n\n\n<p class=\"wp-block-paragraph\">Adatkezel\u0151 neve: <strong>Gregs No\u00e9mi egy\u00e9ni v\u00e1llalkoz\u00f3<\/strong><br>Sz\u00e9khely: <strong>4320 Nagyk\u00e1ll\u00f3, D\u00f3zsa Gy\u00f6rgy \u00fat 58., Magyarorsz\u00e1g<\/strong><br>Ad\u00f3sz\u00e1m: <strong>91130264-1-35<\/strong><br>Nyilv\u00e1ntart\u00e1si sz\u00e1m: <strong>60525626<\/strong><br>E-mail: <a href=\"mailto:info@noemivirtual.com\"><strong>info@noemivirtual.com<\/strong><\/a><br>Weboldal: <a href=\"https:\/\/noemi-virtual.com\/en\/\"><strong>https:\/\/noemi-virtual.com<\/strong><\/a><\/p>\n\n\n\n<p class=\"wp-block-paragraph\">Az adatkezel\u0151 elk\u00f6telezett a szem\u00e9lyes adatok v\u00e9delme ir\u00e1nt, \u00e9s azokat az Eur\u00f3pai Parlament \u00e9s a Tan\u00e1cs (EU) 2016\/679 rendelete (\u201eGDPR\u201d), valamint a vonatkoz\u00f3 magyar jogszab\u00e1lyok rendelkez\u00e9seivel \u00f6sszhangban kezeli.<\/p>\n\n\n\n<h2 class=\"wp-block-heading\">2. A kapcsolatfelv\u00e9teli \u0171rlapon megadott adatok kezel\u00e9se<\/h2>\n\n\n\n<p class=\"wp-block-paragraph\">A weboldalon tal\u00e1lhat\u00f3 kapcsolatfelv\u00e9teli \u0171rlap c\u00e9lja, hogy az \u00e9rdekl\u0151d\u0151k kapcsolatba l\u00e9phessenek az adatkezel\u0151vel, inform\u00e1ci\u00f3t k\u00e9rhessenek a szolg\u00e1ltat\u00e1sokr\u00f3l, illetve egy\u00fcttm\u0171k\u00f6d\u00e9st kezdem\u00e9nyezhessenek.<\/p>\n\n\n\n<h3 class=\"wp-block-heading\">Kezelt szem\u00e9lyes adatok k\u00f6re<\/h3>\n\n\n\n<p class=\"wp-block-paragraph\">Az \u0171rlap haszn\u00e1lata sor\u00e1n az al\u00e1bbi adatok ker\u00fclhetnek kezel\u00e9sre:<\/p>\n\n\n\n<ul class=\"wp-block-list\">\n<li>n\u00e9v,<\/li>\n\n\n\n<li>c\u00e9gn\u00e9v, amennyiben megad\u00e1sra ker\u00fcl,<\/li>\n\n\n\n<li>e-mail-c\u00edm,<\/li>\n\n\n\n<li>telefonsz\u00e1m, amennyiben az \u00e9rintett \u00f6nk\u00e9ntesen megadja,<\/li>\n\n\n\n<li>az egy\u00fcttm\u0171k\u00f6d\u00e9s t\u00edpusa,<\/li>\n\n\n\n<li>projekt megnevez\u00e9se,<\/li>\n\n\n\n<li>tervezett heti \u00f3rasz\u00e1m,<\/li>\n\n\n\n<li>az egy\u00fcttm\u0171k\u00f6d\u00e9s tervezett kezd\u00e9si id\u0151pontja,<\/li>\n\n\n\n<li>az \u00e9rintett \u00e1ltal szabad sz\u00f6veges mez\u0151ben megadott inform\u00e1ci\u00f3k,<\/li>\n\n\n\n<li>valamint az \u00e9rdekl\u0151d\u00e9shez \u00e9s kapcsolatfelv\u00e9telhez kapcsol\u00f3d\u00f3 egy\u00e9b adatok.<\/li>\n<\/ul>\n\n\n\n<h3 class=\"wp-block-heading\">Az adatkezel\u00e9s c\u00e9lja<\/h3>\n\n\n\n<p class=\"wp-block-paragraph\">Az adatkezel\u00e9s c\u00e9lja:<\/p>\n\n\n\n<ul class=\"wp-block-list\">\n<li>kapcsolatfelv\u00e9tel,<\/li>\n\n\n\n<li>\u00e9rdekl\u0151d\u00e9sek megv\u00e1laszol\u00e1sa,<\/li>\n\n\n\n<li>szolg\u00e1ltat\u00e1sokkal kapcsolatos egyeztet\u00e9s,<\/li>\n\n\n\n<li>aj\u00e1nlatad\u00e1s el\u0151k\u00e9sz\u00edt\u00e9se,<\/li>\n\n\n\n<li>lehets\u00e9ges egy\u00fcttm\u0171k\u00f6d\u00e9s el\u0151k\u00e9sz\u00edt\u00e9se.<\/li>\n<\/ul>\n\n\n\n<h3 class=\"wp-block-heading\">Az adatkezel\u00e9s jogalapja<\/h3>\n\n\n\n<p class=\"wp-block-paragraph\">Az adatkezel\u00e9s jogalapja a GDPR 6. cikk (1) bekezd\u00e9s b) pontja, amennyiben az adatkezel\u00e9s az \u00e9rintett k\u00e9r\u00e9s\u00e9re t\u00f6rt\u00e9n\u0151, szerz\u0151d\u00e9sk\u00f6t\u00e9st megel\u0151z\u0151 l\u00e9p\u00e9sek megt\u00e9tel\u00e9hez sz\u00fcks\u00e9ges.<\/p>\n\n\n\n<p class=\"wp-block-paragraph\">Amennyiben az \u00e9rdekl\u0151d\u00e9s nem vezet szerz\u0151d\u00e9ses kapcsolat kialakul\u00e1s\u00e1hoz, az adatkezel\u0151 az adatokat kiz\u00e1r\u00f3lag a kapcsolatfelv\u00e9tel \u00e9s az \u00e9rdekl\u0151d\u00e9s kezel\u00e9s\u00e9hez sz\u00fcks\u00e9ges ideig kezeli.<\/p>\n\n\n\n<h3 class=\"wp-block-heading\">Az adatok meg\u0151rz\u00e9si ideje<\/h3>\n\n\n\n<p class=\"wp-block-paragraph\">Az adatkezel\u0151 a kapcsolatfelv\u00e9teli \u0171rlapon kereszt\u00fcl megadott szem\u00e9lyes adatokat az utols\u00f3 \u00e9rdemi kapcsolatfelv\u00e9telt\u0151l sz\u00e1m\u00edtott legfeljebb <strong>3 h\u00f3napig<\/strong> \u0151rzi meg, amennyiben az \u00e9rintettel nem j\u00f6n l\u00e9tre szerz\u0151d\u00e9ses kapcsolat.<\/p>\n\n\n\n<p class=\"wp-block-paragraph\">Amennyiben szerz\u0151d\u00e9ses kapcsolat j\u00f6n l\u00e9tre, a tov\u00e1bbi adatkezel\u00e9sre a szerz\u0151d\u00e9s teljes\u00edt\u00e9s\u00e9hez, sz\u00e1ml\u00e1z\u00e1shoz \u00e9s jogszab\u00e1lyi k\u00f6telezetts\u00e9gek teljes\u00edt\u00e9s\u00e9hez sz\u00fcks\u00e9ges szab\u00e1lyok ir\u00e1nyad\u00f3k.<\/p>\n\n\n\n<h2 class=\"wp-block-heading\">3. Kapcsolatfelv\u00e9tel e-mailben<\/h2>\n\n\n\n<p class=\"wp-block-paragraph\">Amennyiben az \u00e9rintett k\u00f6zvetlen\u00fcl e-mailben veszi fel a kapcsolatot az adatkezel\u0151vel, az adatkezel\u0151 az \u00fczenetben szerepl\u0151 szem\u00e9lyes adatokat kiz\u00e1r\u00f3lag a kapcsolatfelv\u00e9tel, kommunik\u00e1ci\u00f3 \u00e9s esetleges egy\u00fcttm\u0171k\u00f6d\u00e9s el\u0151k\u00e9sz\u00edt\u00e9se c\u00e9lj\u00e1b\u00f3l kezeli.<\/p>\n\n\n\n<p class=\"wp-block-paragraph\">Az adatkezel\u00e9s jogalapja a GDPR 6. cikk (1) bekezd\u00e9s b) pontja, illetve adott esetben az adatkezel\u0151 jogos \u00e9rdeke.<\/p>\n\n\n\n<p class=\"wp-block-paragraph\">Az adatokat az adatkezel\u0151 f\u0151szab\u00e1ly szerint az utols\u00f3 \u00e9rdemi kapcsolatfelv\u00e9telt\u0151l sz\u00e1m\u00edtott legfeljebb <strong>3 h\u00f3napig<\/strong> \u0151rzi meg, kiv\u00e9ve, ha szerz\u0151d\u00e9ses vagy jogszab\u00e1lyi k\u00f6telezetts\u00e9g miatt hosszabb meg\u0151rz\u00e9s sz\u00fcks\u00e9ges.<\/p>\n\n\n\n<h2 class=\"wp-block-heading\">4. Weboldal m\u0171k\u00f6d\u00e9se \u00e9s technikai adatok<\/h2>\n\n\n\n<p class=\"wp-block-paragraph\">A weboldal l\u00e1togat\u00e1sa sor\u00e1n a t\u00e1rhelyszolg\u00e1ltat\u00f3 \u00e9s a weboldal m\u0171k\u00f6d\u00e9s\u00e9hez kapcsol\u00f3d\u00f3 technikai rendszerek bizonyos technikai adatokat automatikusan kezelhetnek.<\/p>\n\n\n\n<p class=\"wp-block-paragraph\">Ilyenek lehetnek p\u00e9ld\u00e1ul:<\/p>\n\n\n\n<ul class=\"wp-block-list\">\n<li>IP-c\u00edm,<\/li>\n\n\n\n<li>a l\u00e1togat\u00e1s id\u0151pontja,<\/li>\n\n\n\n<li>b\u00f6ng\u00e9sz\u0151 t\u00edpusa,<\/li>\n\n\n\n<li>oper\u00e1ci\u00f3s rendszer,<\/li>\n\n\n\n<li>megl\u00e1togatott oldalak,<\/li>\n\n\n\n<li>technikai napl\u00f3adatok.<\/li>\n<\/ul>\n\n\n\n<p class=\"wp-block-paragraph\">Ezen adatok kezel\u00e9se els\u0151sorban a weboldal biztons\u00e1gos \u00e9s megfelel\u0151 m\u0171k\u00f6d\u00e9s\u00e9t, valamint a technikai hib\u00e1k megel\u0151z\u00e9s\u00e9t szolg\u00e1lja.<\/p>\n\n\n\n<h2 class=\"wp-block-heading\">5. T\u00e1rhelyszolg\u00e1ltat\u00f3<\/h2>\n\n\n\n<p class=\"wp-block-paragraph\">T\u00e1rhelyszolg\u00e1ltat\u00f3: a weboldal t\u00e1rhely\u00e9nek mindenkori szolg\u00e1ltat\u00f3ja. A szolg\u00e1ltat\u00f3 pontos adatai az adatkezel\u0151n\u00e9l k\u00e9rhet\u0151k.<\/p>\n\n\n\n<p class=\"wp-block-paragraph\">A t\u00e1rhelyszolg\u00e1ltat\u00f3 a weboldal technikai m\u0171k\u00f6dtet\u00e9s\u00e9hez kapcsol\u00f3d\u00f3an adatfeldolgoz\u00f3k\u00e9nt j\u00e1rhat el, \u00e9s a weboldal m\u0171k\u00f6d\u00e9se sor\u00e1n technikai adatokat kezelhet.<\/p>\n\n\n\n<p class=\"wp-block-paragraph\">A t\u00e1rhelyszolg\u00e1ltat\u00f3 pontos jogi adatai \u00e9s adatkezel\u00e9si felt\u00e9telei a szolg\u00e1ltat\u00f3 saj\u00e1t adatv\u00e9delmi t\u00e1j\u00e9koztat\u00f3j\u00e1ban tal\u00e1lhat\u00f3k.<\/p>\n\n\n\n<h2 class=\"wp-block-heading\">6. Google Analytics<\/h2>\n\n\n\n<p class=\"wp-block-paragraph\">Amennyiben a weboldalon Google Analytics szolg\u00e1ltat\u00e1s ker\u00fcl alkalmaz\u00e1sra, annak c\u00e9lja a weboldal l\u00e1togatotts\u00e1g\u00e1nak \u00e9s haszn\u00e1lat\u00e1nak statisztikai elemz\u00e9se.<\/p>\n\n\n\n<p class=\"wp-block-paragraph\">A Google Analytics seg\u00edts\u00e9g\u00e9vel az adatkezel\u0151 inform\u00e1ci\u00f3t kaphat t\u00f6bbek k\u00f6z\u00f6tt:<\/p>\n\n\n\n<ul class=\"wp-block-list\">\n<li>az oldal l\u00e1togatotts\u00e1g\u00e1r\u00f3l,<\/li>\n\n\n\n<li>a l\u00e1togat\u00f3k \u00e1ltal megtekintett oldalakr\u00f3l,<\/li>\n\n\n\n<li>a l\u00e1togat\u00e1sok id\u0151tartam\u00e1r\u00f3l,<\/li>\n\n\n\n<li>az eszk\u00f6z \u00e9s b\u00f6ng\u00e9sz\u0151 t\u00edpus\u00e1r\u00f3l,<\/li>\n\n\n\n<li>hozz\u00e1vet\u0151leges f\u00f6ldrajzi inform\u00e1ci\u00f3kr\u00f3l,<\/li>\n\n\n\n<li>a weboldal haszn\u00e1lat\u00e1val kapcsolatos statisztikai adatokr\u00f3l.<\/li>\n<\/ul>\n\n\n\n<p class=\"wp-block-paragraph\">A nem felt\u00e9tlen\u00fcl sz\u00fcks\u00e9ges analitikai s\u00fctik \u00e9s hasonl\u00f3 technol\u00f3gi\u00e1k alkalmaz\u00e1s\u00e1ra csak az \u00e9rintett megfelel\u0151 hozz\u00e1j\u00e1rul\u00e1sa eset\u00e9n ker\u00fclhet sor, amennyiben azt a vonatkoz\u00f3 jogszab\u00e1lyok megk\u00f6vetelik.<\/p>\n\n\n\n<p class=\"wp-block-paragraph\">A Google Analytics szolg\u00e1ltat\u00f3ja a Google.<\/p>\n\n\n\n<h2 class=\"wp-block-heading\">7. K\u00f6z\u00f6ss\u00e9gi m\u00e9dia<\/h2>\n\n\n\n<p class=\"wp-block-paragraph\">A weboldal hivatkoz\u00e1sokat tartalmazhat az adatkezel\u0151 k\u00f6z\u00f6ss\u00e9gi m\u00e9dia oldalaira, k\u00fcl\u00f6n\u00f6sen:<\/p>\n\n\n\n<ul class=\"wp-block-list\">\n<li>Instagram,<\/li>\n\n\n\n<li>LinkedIn.<\/li>\n<\/ul>\n\n\n\n<p class=\"wp-block-paragraph\">A k\u00f6z\u00f6ss\u00e9gi oldalak haszn\u00e1lata sor\u00e1n az adatkezel\u00e9sre az adott szolg\u00e1ltat\u00f3 saj\u00e1t adatv\u00e9delmi szab\u00e1lyzata \u00e9s felhaszn\u00e1l\u00e1si felt\u00e9telei is vonatkoznak.<\/p>\n\n\n\n<p class=\"wp-block-paragraph\">Az adatkezel\u0151 nem felel az Instagram vagy a LinkedIn \u00f6n\u00e1ll\u00f3 adatkezel\u00e9si gyakorlat\u00e1\u00e9rt.<\/p>\n\n\n\n<h2 class=\"wp-block-heading\">8. Adatfeldolgoz\u00f3k \u00e9s adattov\u00e1bb\u00edt\u00e1s<\/h2>\n\n\n\n<p class=\"wp-block-paragraph\">Az adatkezel\u0151 a weboldal \u00e9s szolg\u00e1ltat\u00e1sai m\u0171k\u00f6dtet\u00e9s\u00e9hez k\u00fcls\u0151 szolg\u00e1ltat\u00f3kat vehet ig\u00e9nybe.<\/p>\n\n\n\n<p class=\"wp-block-paragraph\">Ilyenek lehetnek k\u00fcl\u00f6n\u00f6sen:<\/p>\n\n\n\n<ul class=\"wp-block-list\">\n<li>t\u00e1rhelyszolg\u00e1ltat\u00f3,<\/li>\n\n\n\n<li>weboldal- \u00e9s \u0171rlapkezel\u0151 rendszer szolg\u00e1ltat\u00f3i,<\/li>\n\n\n\n<li>e-mail-szolg\u00e1ltat\u00f3,<\/li>\n\n\n\n<li>Google Workspace,<\/li>\n\n\n\n<li>Google Analytics,<\/li>\n\n\n\n<li>a weboldal technikai \u00fczemeltet\u00e9s\u00e9hez sz\u00fcks\u00e9ges egy\u00e9b szolg\u00e1ltat\u00f3k.<\/li>\n<\/ul>\n\n\n\n<p class=\"wp-block-paragraph\">Az adatfeldolgoz\u00f3k kiz\u00e1r\u00f3lag az adatkezel\u0151 utas\u00edt\u00e1sai alapj\u00e1n \u00e9s a szolg\u00e1ltat\u00e1suk teljes\u00edt\u00e9s\u00e9hez sz\u00fcks\u00e9ges m\u00e9rt\u00e9kben kezelhetnek szem\u00e9lyes adatokat.<\/p>\n\n\n\n<p class=\"wp-block-paragraph\">Egyes szolg\u00e1ltat\u00f3k az Eur\u00f3pai Gazdas\u00e1gi T\u00e9rs\u00e9gen k\u00edv\u00fcl is kezelhetnek adatokat. Ilyen esetben az adattov\u00e1bb\u00edt\u00e1sra kiz\u00e1r\u00f3lag a GDPR \u00e1ltal megengedett megfelel\u0151 garanci\u00e1k mellett ker\u00fclhet sor.<\/p>\n\n\n\n<h2 class=\"wp-block-heading\">9. Az \u00e9rintettek jogai<\/h2>\n\n\n\n<p class=\"wp-block-paragraph\">Az \u00e9rintett jogosult:<\/p>\n\n\n\n<ul class=\"wp-block-list\">\n<li>t\u00e1j\u00e9koztat\u00e1st k\u00e9rni szem\u00e9lyes adatainak kezel\u00e9s\u00e9r\u0151l,<\/li>\n\n\n\n<li>hozz\u00e1f\u00e9r\u00e9st k\u00e9rni a r\u00f3la kezelt szem\u00e9lyes adatokhoz,<\/li>\n\n\n\n<li>k\u00e9rni szem\u00e9lyes adatainak helyesb\u00edt\u00e9s\u00e9t,<\/li>\n\n\n\n<li>k\u00e9rni szem\u00e9lyes adatainak t\u00f6rl\u00e9s\u00e9t, amennyiben annak jogszab\u00e1lyi felt\u00e9telei fenn\u00e1llnak,<\/li>\n\n\n\n<li>k\u00e9rni az adatkezel\u00e9s korl\u00e1toz\u00e1s\u00e1t,<\/li>\n\n\n\n<li>tiltakozni az adatkezel\u00e9s ellen, amennyiben annak jogalapja jogos \u00e9rdek,<\/li>\n\n\n\n<li>az adathordozhat\u00f3s\u00e1ghoz val\u00f3 jog\u00e1val \u00e9lni, amennyiben annak jogszab\u00e1lyi felt\u00e9telei fenn\u00e1llnak,<\/li>\n\n\n\n<li>hozz\u00e1j\u00e1rul\u00e1son alapul\u00f3 adatkezel\u00e9s eset\u00e9n hozz\u00e1j\u00e1rul\u00e1s\u00e1t b\u00e1rmikor visszavonni.<\/li>\n<\/ul>\n\n\n\n<p class=\"wp-block-paragraph\">Az \u00e9rintett jogainak gyakorl\u00e1s\u00e1ra vonatkoz\u00f3 k\u00e9relmet az al\u00e1bbi e-mail-c\u00edmre k\u00fcldheti:<\/p>\n\n\n\n<p class=\"wp-block-paragraph\"><a href=\"mailto:info@noemivirtual.com\"><strong>info@noemivirtual.com<\/strong><\/a><\/p>\n\n\n\n<h2 class=\"wp-block-heading\">10. Jogorvoslat<\/h2>\n\n\n\n<p class=\"wp-block-paragraph\">Amennyiben az \u00e9rintett \u00fagy v\u00e9li, hogy szem\u00e9lyes adatainak kezel\u00e9se s\u00e9rti a vonatkoz\u00f3 adatv\u00e9delmi jogszab\u00e1lyokat, panaszt tehet a Nemzeti Adatv\u00e9delmi \u00e9s Inform\u00e1ci\u00f3szabads\u00e1g Hat\u00f3s\u00e1gn\u00e1l.<\/p>\n\n\n\n<p class=\"wp-block-paragraph\"><strong>Nemzeti Adatv\u00e9delmi \u00e9s Inform\u00e1ci\u00f3szabads\u00e1g Hat\u00f3s\u00e1g (NAIH)<\/strong><br>1055 Budapest, Falk Miksa utca 9\u201311.<br>Postac\u00edm: 1363 Budapest, Pf. 9.<br>Weboldal: <a href=\"http:\/\/www.naih.hu\">www.naih.hu<\/a><br>E-mail: <a href=\"mailto:ugyfelszolgalat@naih.hu\">ugyfelszolgalat@naih.hu<\/a><\/p>\n\n\n\n<p class=\"wp-block-paragraph\">Az \u00e9rintett jogosult tov\u00e1bb\u00e1 b\u00edr\u00f3s\u00e1ghoz fordulni is.<\/p>\n\n\n\n<h2 class=\"wp-block-heading\">11. Adatbiztons\u00e1g<\/h2>\n\n\n\n<p class=\"wp-block-paragraph\">Az adatkezel\u0151 megfelel\u0151 technikai \u00e9s szervez\u00e9si int\u00e9zked\u00e9seket alkalmaz annak \u00e9rdek\u00e9ben, hogy a szem\u00e9lyes adatokat megv\u00e9dje k\u00fcl\u00f6n\u00f6sen a jogosulatlan hozz\u00e1f\u00e9r\u00e9st\u0151l, megv\u00e1ltoztat\u00e1st\u00f3l, tov\u00e1bb\u00edt\u00e1st\u00f3l, nyilv\u00e1noss\u00e1gra hozatalt\u00f3l, t\u00f6rl\u00e9st\u0151l vagy megsemmis\u00edt\u00e9st\u0151l.<\/p>\n\n\n\n<p class=\"wp-block-paragraph\">Az adatkezel\u0151 a szem\u00e9lyes adatokhoz val\u00f3 hozz\u00e1f\u00e9r\u00e9st kiz\u00e1r\u00f3lag az adatkezel\u00e9s c\u00e9lj\u00e1hoz sz\u00fcks\u00e9ges m\u00e9rt\u00e9kben biztos\u00edtja.<\/p>\n\n\n\n<h2 class=\"wp-block-heading\">12. A t\u00e1j\u00e9koztat\u00f3 m\u00f3dos\u00edt\u00e1sa<\/h2>\n\n\n\n<p class=\"wp-block-paragraph\">Az adatkezel\u0151 jogosult jelen adatkezel\u00e9si t\u00e1j\u00e9koztat\u00f3t m\u00f3dos\u00edtani, k\u00fcl\u00f6n\u00f6sen jogszab\u00e1lyv\u00e1ltoz\u00e1s, \u00faj adatkezel\u00e9si tev\u00e9kenys\u00e9g vagy \u00faj szolg\u00e1ltat\u00f3 ig\u00e9nybev\u00e9tele eset\u00e9n.<\/p>\n\n\n\n<p class=\"wp-block-paragraph\">A mindenkor hat\u00e1lyos adatkezel\u00e9si t\u00e1j\u00e9koztat\u00f3 a weboldalon \u00e9rhet\u0151 el.<\/p>","protected":false},"excerpt":{"rendered":"<p>Hat\u00e1lyos: 2026. augusztus 13-t\u00f3l 1. Az adatkezel\u0151 adatai Adatkezel\u0151 neve: Gregs No\u00e9mi egy\u00e9ni v\u00e1llalkoz\u00f3Sz\u00e9khely: 4320 Nagyk\u00e1ll\u00f3, D\u00f3zsa Gy\u00f6rgy \u00fat 58., Magyarorsz\u00e1gAd\u00f3sz\u00e1m: 91130264-1-35Nyilv\u00e1ntart\u00e1si sz\u00e1m: 60525626E-mail: info@noemivirtual.comWeboldal: https:\/\/noemi-virtual.com Az adatkezel\u0151 elk\u00f6telezett a szem\u00e9lyes adatok v\u00e9delme ir\u00e1nt, \u00e9s azokat az Eur\u00f3pai Parlament \u00e9s a Tan\u00e1cs (EU) 2016\/679 rendelete (\u201eGDPR\u201d), valamint a vonatkoz\u00f3 magyar jogszab\u00e1lyok rendelkez\u00e9seivel \u00f6sszhangban kezeli. 2. [&hellip;]<\/p>\n","protected":false},"author":2,"featured_media":0,"parent":0,"menu_order":0,"comment_status":"closed","ping_status":"open","template":"","meta":{"site-sidebar-layout":"default","site-content-layout":"","ast-site-content-layout":"default","site-content-style":"default","site-sidebar-style":"default","ast-global-header-display":"","ast-banner-title-visibility":"","ast-main-header-display":"","ast-hfb-above-header-display":"","ast-hfb-below-header-display":"","ast-hfb-mobile-header-display":"","site-post-title":"","ast-breadcrumbs-content":"","ast-featured-img":"","footer-sml-layout":"","ast-disable-related-posts":"","theme-transparent-header-meta":"","adv-header-id-meta":"","stick-header-meta":"","header-above-stick-meta":"","header-main-stick-meta":"","header-below-stick-meta":"","astra-migrate-meta-layouts":"set","ast-page-background-enabled":"default","ast-page-background-meta":{"desktop":{"background-color":"var(--ast-global-color-4)","background-image":"","background-repeat":"repeat","background-position":"center center","background-size":"auto","background-attachment":"scroll","background-type":"","background-media":"","overlay-type":"","overlay-color":"","overlay-opacity":"","overlay-gradient":""},"tablet":{"background-color":"","background-image":"","background-repeat":"repeat","background-position":"center center","background-size":"auto","background-attachment":"scroll","background-type":"","background-media":"","overlay-type":"","overlay-color":"","overlay-opacity":"","overlay-gradient":""},"mobile":{"background-color":"","background-image":"","background-repeat":"repeat","background-position":"center center","background-size":"auto","background-attachment":"scroll","background-type":"","background-media":"","overlay-type":"","overlay-color":"","overlay-opacity":"","overlay-gradient":""}},"ast-content-background-meta":{"desktop":{"background-color":"var(--ast-global-color-5)","background-image":"","background-repeat":"repeat","background-position":"center center","background-size":"auto","background-attachment":"scroll","background-type":"","background-media":"","overlay-type":"","overlay-color":"","overlay-opacity":"","overlay-gradient":""},"tablet":{"background-color":"var(--ast-global-color-5)","background-image":"","background-repeat":"repeat","background-position":"center center","background-size":"auto","background-attachment":"scroll","background-type":"","background-media":"","overlay-type":"","overlay-color":"","overlay-opacity":"","overlay-gradient":""},"mobile":{"background-color":"var(--ast-global-color-5)","background-image":"","background-repeat":"repeat","background-position":"center center","background-size":"auto","background-attachment":"scroll","background-type":"","background-media":"","overlay-type":"","overlay-color":"","overlay-opacity":"","overlay-gradient":""}},"footnotes":""},"class_list":["post-3","page","type-page","status-publish","hentry"],"_links":{"self":[{"href":"https:\/\/noemi-virtual.com\/en\/wp-json\/wp\/v2\/pages\/3","targetHints":{"allow":["GET"]}}],"collection":[{"href":"https:\/\/noemi-virtual.com\/en\/wp-json\/wp\/v2\/pages"}],"about":[{"href":"https:\/\/noemi-virtual.com\/en\/wp-json\/wp\/v2\/types\/page"}],"author":[{"embeddable":true,"href":"https:\/\/noemi-virtual.com\/en\/wp-json\/wp\/v2\/users\/2"}],"replies":[{"embeddable":true,"href":"https:\/\/noemi-virtual.com\/en\/wp-json\/wp\/v2\/comments?post=3"}],"version-history":[{"count":1,"href":"https:\/\/noemi-virtual.com\/en\/wp-json\/wp\/v2\/pages\/3\/revisions"}],"predecessor-version":[{"id":2537,"href":"https:\/\/noemi-virtual.com\/en\/wp-json\/wp\/v2\/pages\/3\/revisions\/2537"}],"wp:attachment":[{"href":"https:\/\/noemi-virtual.com\/en\/wp-json\/wp\/v2\/media?parent=3"}],"curies":[{"name":"wp","href":"https:\/\/api.w.org\/{rel}","templated":true}]}}